{"id":42,"date":"2024-05-10T11:14:59","date_gmt":"2024-05-10T09:14:59","guid":{"rendered":"https:\/\/www.amaporte.org\/?page_id=42"},"modified":"2024-05-12T22:13:30","modified_gmt":"2024-05-12T20:13:30","slug":"miramap","status":"publish","type":"page","link":"https:\/\/www.amaporte.org\/index.php\/amaporte\/amap\/miramap\/","title":{"rendered":"MIRAMAP"},"content":{"rendered":"\n<p>&#8220;<a href=\"http:\/\/www.lesamapdeprovence.org\/\" target=\"_blank\" rel=\"noreferrer noopener\">Les AMAP de Provence<\/a>&#8220;, sont le r\u00e9seau r\u00e9gional affili\u00e9 au MIRAMAP (Mouvement Inter-R\u00e9gional des AMAP).<\/p>\n\n\n\n<p><a href=\"http:\/\/miramap.org\/\" target=\"_blank\" rel=\"noreferrer noopener\">MIRAMAP<\/a>&nbsp;est n\u00e9 de l&#8217;initiative de diff\u00e9rents mouvements r\u00e9gionaux d&#8217;AMAP, de Paysans en AMAP et groupes d&#8217;Amapiens de toute la France.<\/p>\n\n\n\n<p>Cette coordination inter-r\u00e9gionale des AMAP est un espace pour mutualiser la richesse des exp\u00e9riences, des pratiques et des outils, pour faire la promotion des AMAP au niveau national, pour r\u00e9fl\u00e9chir \u00e0 la fa\u00e7on dont l&#8217;\u00e9thique des AMAP puisse \u00eatre garantie et lancer des programmes d&#8217;action coordonn\u00e9s en coh\u00e9rence avec les objectifs des AMAP.<\/p>\n\n\n\n<p>&#8220;Les AMAP de Provence&#8221; s\u2019est donn\u00e9 pour but de promouvoir l\u2019information et l\u2019intervention dans le d\u00e9bat public des cons\u00e9quences des politiques et pratiques agricoles sur le maintien des agriculteurs, la consommation et l\u2019environnement, ainsi que les probl\u00e8mes li\u00e9s au commerce ou \u00e0 l\u2019\u00e9change des produits agricoles ou assimil\u00e9s, en France, en Europe et dans le monde.<\/p>\n\n\n\n<p>Vous habitez en PACA, mais pas \u00e0 Lambesc ?<br>&#8220;Les AMAP de Provence&#8221; propose la rubrique : <a href=\"http:\/\/www.lesamapdeprovence.org\/spip.php?rubrique8\">Trouver une AMAP en PACA<\/a><\/p>\n\n\n\n<p>En savoir plus :<\/p>\n\n\n\n<div class=\"wp-block-columns is-layout-flex wp-container-core-columns-is-layout-9d6595d7 wp-block-columns-is-layout-flex\">\n<div class=\"wp-block-column is-layout-flow wp-block-column-is-layout-flow\">\n<figure class=\"wp-block-embed is-type-wp-embed is-provider-amaporte wp-block-embed-amaporte\"><div class=\"wp-block-embed__wrapper\">\n<blockquote class=\"wp-embedded-content\" data-secret=\"LH0MGbF3ZY\"><a href=\"https:\/\/www.amaporte.org\/index.php\/amaporte\/qu-est-ce-qu-une-amap\/\">Qu&#8217;est-ce qu&#8217;une AMAP\u00a0?<\/a><\/blockquote><iframe loading=\"lazy\" class=\"wp-embedded-content\" sandbox=\"allow-scripts\" security=\"restricted\" style=\"position: absolute; clip: rect(1px, 1px, 1px, 1px);\" title=\"\u00ab\u00a0Qu&#8217;est-ce qu&#8217;une AMAP\u00a0?\u00a0\u00bb &#8212; AMAPorte\" src=\"https:\/\/www.amaporte.org\/index.php\/amaporte\/qu-est-ce-qu-une-amap\/embed\/#?secret=L1TtQmaURF#?secret=LH0MGbF3ZY\" data-secret=\"LH0MGbF3ZY\" width=\"600\" height=\"338\" frameborder=\"0\" marginwidth=\"0\" marginheight=\"0\" scrolling=\"no\"><\/iframe>\n<\/div><\/figure>\n<\/div>\n\n\n\n<div class=\"wp-block-column is-layout-flow wp-block-column-is-layout-flow\">\n<figure class=\"wp-block-embed is-type-wp-embed is-provider-amaporte wp-block-embed-amaporte\"><div class=\"wp-block-embed__wrapper\">\n<blockquote class=\"wp-embedded-content\" data-secret=\"32d7zKD2G8\"><a href=\"https:\/\/www.amaporte.org\/index.php\/amaporte\/amap\/charte-des-amap\/\">Charte des AMAP<\/a><\/blockquote><iframe loading=\"lazy\" class=\"wp-embedded-content\" sandbox=\"allow-scripts\" security=\"restricted\" style=\"position: absolute; clip: rect(1px, 1px, 1px, 1px);\" title=\"\u00ab\u00a0Charte des AMAP\u00a0\u00bb &#8212; AMAPorte\" src=\"https:\/\/www.amaporte.org\/index.php\/amaporte\/amap\/charte-des-amap\/embed\/#?secret=tZSeth3gUl#?secret=32d7zKD2G8\" data-secret=\"32d7zKD2G8\" width=\"600\" height=\"338\" frameborder=\"0\" marginwidth=\"0\" marginheight=\"0\" scrolling=\"no\"><\/iframe>\n<\/div><\/figure>\n<\/div>\n<\/div>\n","protected":false},"excerpt":{"rendered":"<p>&#8220;Les AMAP de Provence&#8220;, sont le r\u00e9seau r\u00e9gional affili\u00e9 au MIRAMAP (Mouvement Inter-R\u00e9gional des AMAP). MIRAMAP&nbsp;est n\u00e9 de l&#8217;initiative de diff\u00e9rents mouvements r\u00e9gionaux d&#8217;AMAP, de Paysans en AMAP et groupes d&#8217;Amapiens de toute la France. Cette coordination inter-r\u00e9gionale des AMAP est un espace pour mutualiser la richesse des exp\u00e9riences, des pratiques et des outils, pour &hellip; <a href=\"https:\/\/www.amaporte.org\/index.php\/amaporte\/amap\/miramap\/\" class=\"more-link\">Lire la suite de <span class=\"screen-reader-text\">MIRAMAP<\/span><\/a><\/p>\n","protected":false},"author":1,"featured_media":0,"parent":38,"menu_order":0,"comment_status":"closed","ping_status":"closed","template":"","meta":{"footnotes":""},"categories":[],"tags":[],"class_list":["post-42","page","type-page","status-publish","hentry"],"_links":{"self":[{"href":"https:\/\/www.amaporte.org\/index.php\/wp-json\/wp\/v2\/pages\/42","targetHints":{"allow":["GET"]}}],"collection":[{"href":"https:\/\/www.amaporte.org\/index.php\/wp-json\/wp\/v2\/pages"}],"about":[{"href":"https:\/\/www.amaporte.org\/index.php\/wp-json\/wp\/v2\/types\/page"}],"author":[{"embeddable":true,"href":"https:\/\/www.amaporte.org\/index.php\/wp-json\/wp\/v2\/users\/1"}],"replies":[{"embeddable":true,"href":"https:\/\/www.amaporte.org\/index.php\/wp-json\/wp\/v2\/comments?post=42"}],"version-history":[{"count":3,"href":"https:\/\/www.amaporte.org\/index.php\/wp-json\/wp\/v2\/pages\/42\/revisions"}],"predecessor-version":[{"id":2504,"href":"https:\/\/www.amaporte.org\/index.php\/wp-json\/wp\/v2\/pages\/42\/revisions\/2504"}],"up":[{"embeddable":true,"href":"https:\/\/www.amaporte.org\/index.php\/wp-json\/wp\/v2\/pages\/38"}],"wp:attachment":[{"href":"https:\/\/www.amaporte.org\/index.php\/wp-json\/wp\/v2\/media?parent=42"}],"wp:term":[{"taxonomy":"category","embeddable":true,"href":"https:\/\/www.amaporte.org\/index.php\/wp-json\/wp\/v2\/categories?post=42"},{"taxonomy":"post_tag","embeddable":true,"href":"https:\/\/www.amaporte.org\/index.php\/wp-json\/wp\/v2\/tags?post=42"}],"curies":[{"name":"wp","href":"https:\/\/api.w.org\/{rel}","templated":true}]}}